{"id":614,"date":"2019-04-23T13:38:31","date_gmt":"2019-04-23T13:38:31","guid":{"rendered":"http:\/\/arripio.com.br\/?page_id=614"},"modified":"2019-05-03T12:22:25","modified_gmt":"2019-05-03T12:22:25","slug":"ferias-paraty-mirim-2019","status":"publish","type":"page","link":"https:\/\/arripio.com.br\/?page_id=614","title":{"rendered":"F\u00e9rias Paraty Mirim Jan\/2019"},"content":{"rendered":"\n<figure class=\"wp-block-image\"><img data-attachment-id=\"626\" data-permalink=\"https:\/\/arripio.com.br\/?attachment_id=626\" data-orig-file=\"https:\/\/i2.wp.com\/arripio.com.br\/wp-content\/uploads\/2019\/04\/top.png?fit=800%2C389&amp;ssl=1\" data-orig-size=\"800,389\" data-comments-opened=\"1\" data-image-meta=\"{&quot;aperture&quot;:&quot;0&quot;,&quot;credit&quot;:&quot;&quot;,&quot;camera&quot;:&quot;&quot;,&quot;caption&quot;:&quot;&quot;,&quot;created_timestamp&quot;:&quot;0&quot;,&quot;copyright&quot;:&quot;&quot;,&quot;focal_length&quot;:&quot;0&quot;,&quot;iso&quot;:&quot;0&quot;,&quot;shutter_speed&quot;:&quot;0&quot;,&quot;title&quot;:&quot;&quot;,&quot;orientation&quot;:&quot;0&quot;}\" data-image-title=\"top\" data-image-description=\"\" data-medium-file=\"https:\/\/i2.wp.com\/arripio.com.br\/wp-content\/uploads\/2019\/04\/top.png?fit=640%2C311&amp;ssl=1\" data-large-file=\"https:\/\/i2.wp.com\/arripio.com.br\/wp-content\/uploads\/2019\/04\/top.png?fit=800%2C389&amp;ssl=1\" loading=\"lazy\" width=\"800\" height=\"389\" src=\"https:\/\/i2.wp.com\/arripio.com.br\/wp-content\/uploads\/2019\/04\/top.png?resize=800%2C389&#038;ssl=1\" alt=\"\" class=\"wp-image-626\" srcset=\"https:\/\/i2.wp.com\/arripio.com.br\/wp-content\/uploads\/2019\/04\/top.png?w=800&amp;ssl=1 800w, https:\/\/i2.wp.com\/arripio.com.br\/wp-content\/uploads\/2019\/04\/top.png?resize=640%2C311&amp;ssl=1 640w, https:\/\/i2.wp.com\/arripio.com.br\/wp-content\/uploads\/2019\/04\/top.png?resize=768%2C373&amp;ssl=1 768w, https:\/\/i2.wp.com\/arripio.com.br\/wp-content\/uploads\/2019\/04\/top.png?resize=600%2C292&amp;ssl=1 600w, https:\/\/i2.wp.com\/arripio.com.br\/wp-content\/uploads\/2019\/04\/top.png?resize=280%2C136&amp;ssl=1 280w\" sizes=\"(max-width: 800px) 100vw, 800px\" data-recalc-dims=\"1\" \/><\/figure>\n\n\n\n<p>Depois de v\u00e1rios convites para experimentar o Camping resolvemos aceitar o desafio de forma mais radical e para primeira vez resolvemos ir longe destino Paraty Mirim Rio de Janeiro. Acostumados a viajar para o nordeste brasileiro e sempre com a ideia de que as praias do sudeste eram de \u00e1guas geladas, imagin\u00e1vamos que seria mais um ingrediente para o desafio.<br>Depois de conversar com nossos anfitri\u00f5es Guilerme e Polyana montamos a rota seguimos viagem.<\/p>\n\n\n\n<figure class=\"wp-block-image\"><img data-attachment-id=\"623\" data-permalink=\"https:\/\/arripio.com.br\/?attachment_id=623\" data-orig-file=\"https:\/\/i0.wp.com\/arripio.com.br\/wp-content\/uploads\/2019\/04\/foto08.png?fit=600%2C600&amp;ssl=1\" data-orig-size=\"600,600\" data-comments-opened=\"1\" data-image-meta=\"{&quot;aperture&quot;:&quot;0&quot;,&quot;credit&quot;:&quot;&quot;,&quot;camera&quot;:&quot;&quot;,&quot;caption&quot;:&quot;&quot;,&quot;created_timestamp&quot;:&quot;0&quot;,&quot;copyright&quot;:&quot;&quot;,&quot;focal_length&quot;:&quot;0&quot;,&quot;iso&quot;:&quot;0&quot;,&quot;shutter_speed&quot;:&quot;0&quot;,&quot;title&quot;:&quot;&quot;,&quot;orientation&quot;:&quot;0&quot;}\" data-image-title=\"foto08\" data-image-description=\"\" data-medium-file=\"https:\/\/i0.wp.com\/arripio.com.br\/wp-content\/uploads\/2019\/04\/foto08.png?fit=600%2C600&amp;ssl=1\" data-large-file=\"https:\/\/i0.wp.com\/arripio.com.br\/wp-content\/uploads\/2019\/04\/foto08.png?fit=600%2C600&amp;ssl=1\" loading=\"lazy\" width=\"600\" height=\"600\" src=\"https:\/\/i0.wp.com\/arripio.com.br\/wp-content\/uploads\/2019\/04\/foto08.png?resize=600%2C600&#038;ssl=1\" alt=\"\" class=\"wp-image-623\" srcset=\"https:\/\/i0.wp.com\/arripio.com.br\/wp-content\/uploads\/2019\/04\/foto08.png?w=600&amp;ssl=1 600w, https:\/\/i0.wp.com\/arripio.com.br\/wp-content\/uploads\/2019\/04\/foto08.png?resize=150%2C150&amp;ssl=1 150w, https:\/\/i0.wp.com\/arripio.com.br\/wp-content\/uploads\/2019\/04\/foto08.png?resize=160%2C160&amp;ssl=1 160w, https:\/\/i0.wp.com\/arripio.com.br\/wp-content\/uploads\/2019\/04\/foto08.png?resize=45%2C45&amp;ssl=1 45w\" sizes=\"(max-width: 600px) 100vw, 600px\" data-recalc-dims=\"1\" \/><\/figure>\n\n\n\n<p><br>Saindo de Brasilia havia dois percursos um por Minas e outro por S\u00e3o Paulo seguindo as orienta\u00e7\u00f5es iriamos por minas mas ao chegar no primeiro ponto de bifurca\u00e7\u00e3o o meu querido gps direcionou errado e seguimos Rumos a S\u00e3o Paulo.<br>Apesar do erro estrada com muito ped\u00e1gio mas valeu muito apena excelente.<br>O mesmo recurso que atrapalhou tamb\u00e9m ajudou come\u00e7amos a compartilhar nossa localiza\u00e7\u00e3o em tempo real e nossos amigos acompanhava nosso trajeto at\u00e9 chegar no ponto de encontro.<br>Sa\u00edmos de Brasilia 3h do dia 02 janeiro de 2019 e chegamos em Ubatuba por volta de umas 16h do mesmo dia, logo seguimos por Cunha<br>pegamos uma descida de serra n\u00edvel hard de dificuldade para piloto e o carro com um alto n\u00edvel de inclina\u00e7\u00e3o, varias curvas, pista estreita e para fechar muita chuva muita mesmo. Chegamos em nosso destino Pousada Paradiso Paraty Mirim RJ.<\/p>\n\n\n\n<figure class=\"wp-block-image\"><img data-attachment-id=\"616\" data-permalink=\"https:\/\/arripio.com.br\/?attachment_id=616\" data-orig-file=\"https:\/\/i2.wp.com\/arripio.com.br\/wp-content\/uploads\/2019\/04\/foto01.png?fit=1024%2C1024&amp;ssl=1\" data-orig-size=\"1024,1024\" data-comments-opened=\"1\" data-image-meta=\"{&quot;aperture&quot;:&quot;0&quot;,&quot;credit&quot;:&quot;&quot;,&quot;camera&quot;:&quot;&quot;,&quot;caption&quot;:&quot;&quot;,&quot;created_timestamp&quot;:&quot;0&quot;,&quot;copyright&quot;:&quot;&quot;,&quot;focal_length&quot;:&quot;0&quot;,&quot;iso&quot;:&quot;0&quot;,&quot;shutter_speed&quot;:&quot;0&quot;,&quot;title&quot;:&quot;&quot;,&quot;orientation&quot;:&quot;0&quot;}\" data-image-title=\"foto01\" data-image-description=\"\" data-medium-file=\"https:\/\/i2.wp.com\/arripio.com.br\/wp-content\/uploads\/2019\/04\/foto01.png?fit=640%2C640&amp;ssl=1\" data-large-file=\"https:\/\/i2.wp.com\/arripio.com.br\/wp-content\/uploads\/2019\/04\/foto01.png?fit=840%2C840&amp;ssl=1\" loading=\"lazy\" width=\"840\" height=\"840\" src=\"https:\/\/i2.wp.com\/arripio.com.br\/wp-content\/uploads\/2019\/04\/foto01.png?resize=840%2C840&#038;ssl=1\" alt=\"\" class=\"wp-image-616\" srcset=\"https:\/\/i2.wp.com\/arripio.com.br\/wp-content\/uploads\/2019\/04\/foto01.png?w=1024&amp;ssl=1 1024w, https:\/\/i2.wp.com\/arripio.com.br\/wp-content\/uploads\/2019\/04\/foto01.png?resize=150%2C150&amp;ssl=1 150w, https:\/\/i2.wp.com\/arripio.com.br\/wp-content\/uploads\/2019\/04\/foto01.png?resize=640%2C640&amp;ssl=1 640w, https:\/\/i2.wp.com\/arripio.com.br\/wp-content\/uploads\/2019\/04\/foto01.png?resize=768%2C768&amp;ssl=1 768w, https:\/\/i2.wp.com\/arripio.com.br\/wp-content\/uploads\/2019\/04\/foto01.png?resize=600%2C600&amp;ssl=1 600w, https:\/\/i2.wp.com\/arripio.com.br\/wp-content\/uploads\/2019\/04\/foto01.png?resize=160%2C160&amp;ssl=1 160w, https:\/\/i2.wp.com\/arripio.com.br\/wp-content\/uploads\/2019\/04\/foto01.png?resize=45%2C45&amp;ssl=1 45w\" sizes=\"(max-width: 840px) 100vw, 840px\" data-recalc-dims=\"1\" \/><\/figure>\n\n\n\n<p><br>Fomos recebidos pelos Sr Pedro dono da pousada que nos orientou o local. Como estava pr\u00f3ximo de escurecer come\u00e7amos a montar o acampamento. O clima de mata atl\u00e2ntica eu transpirava horrores parecia que tinha jogado um balde de \u00e1gua no corpo mas era suor exageradamente, como j\u00e1 havia feito o teste de montagem da barraca em casa foi relativamente simples e r\u00e1pido. Acampamento montado fomos visitar o pier na beira da praia j\u00e1 para sentir aquele clima de praia.<br>Dia 3 passamos uma dia agrad\u00e1vel de praia com \u00e1guas tranquilas e rasas o que \u00e9 ideal para crian\u00e7as e uma quantidade reduzida de sal pois o rio que desce da serra des\u00e1gua bem pr\u00f3ximo o que torna o sal menos agressivo.<br>No nosso terceiro dia foi o teste para saber se continua ou abandona a miss\u00e3o, caiu uma tempestade sem precedente s\u00f3 faltou ventania mas o resto teve de sobra a noite toda de chuva muito rel\u00e2mpagos e trovoadas a noite toda, as filhas estavam dormindo ao centro da barraca eu e minha esposa nos cantos. Depois de ler algumas orienta\u00e7\u00f5es pela net compramos 2 lonas uma para parte superior e uma para parte inferior da barraca e gra\u00e7as a superior n\u00e3o foi pior o estrago. Come\u00e7ou a inundar a barraca e molhar com respingo nas laterais \u00e1gua \u00e1gua \u00e1gua achei que seria um dil\u00favio. L\u00e1 para 00:00 um amigo Noa debaixo de chuva peguntou &#8212; fam\u00edlia est\u00e1 tudo bem? Falamos que sim quando abri a barraca tinha um palmo de \u00e1gua passando na porta da barraca todas as sand\u00e1lias desciam de rio a abaixo, nossos pertences que estava no ch\u00e3o da barraca e em volta da barraca come\u00e7ou a molhar colocamos alguns no colch\u00e3o infl\u00e1vel mas no final das contas molhou tudo escapando pouca coisa pense numa noite tensa.<\/p>\n\n\n\n<figure class=\"wp-block-image\"><img data-attachment-id=\"621\" data-permalink=\"https:\/\/arripio.com.br\/?attachment_id=621\" data-orig-file=\"https:\/\/i1.wp.com\/arripio.com.br\/wp-content\/uploads\/2019\/04\/foto06.png?fit=800%2C800&amp;ssl=1\" data-orig-size=\"800,800\" data-comments-opened=\"1\" data-image-meta=\"{&quot;aperture&quot;:&quot;0&quot;,&quot;credit&quot;:&quot;&quot;,&quot;camera&quot;:&quot;&quot;,&quot;caption&quot;:&quot;&quot;,&quot;created_timestamp&quot;:&quot;0&quot;,&quot;copyright&quot;:&quot;&quot;,&quot;focal_length&quot;:&quot;0&quot;,&quot;iso&quot;:&quot;0&quot;,&quot;shutter_speed&quot;:&quot;0&quot;,&quot;title&quot;:&quot;&quot;,&quot;orientation&quot;:&quot;0&quot;}\" data-image-title=\"foto06\" data-image-description=\"\" data-medium-file=\"https:\/\/i1.wp.com\/arripio.com.br\/wp-content\/uploads\/2019\/04\/foto06.png?fit=640%2C640&amp;ssl=1\" data-large-file=\"https:\/\/i1.wp.com\/arripio.com.br\/wp-content\/uploads\/2019\/04\/foto06.png?fit=800%2C800&amp;ssl=1\" loading=\"lazy\" width=\"800\" height=\"800\" src=\"https:\/\/i1.wp.com\/arripio.com.br\/wp-content\/uploads\/2019\/04\/foto06.png?resize=800%2C800&#038;ssl=1\" alt=\"\" class=\"wp-image-621\" srcset=\"https:\/\/i1.wp.com\/arripio.com.br\/wp-content\/uploads\/2019\/04\/foto06.png?w=800&amp;ssl=1 800w, https:\/\/i1.wp.com\/arripio.com.br\/wp-content\/uploads\/2019\/04\/foto06.png?resize=150%2C150&amp;ssl=1 150w, https:\/\/i1.wp.com\/arripio.com.br\/wp-content\/uploads\/2019\/04\/foto06.png?resize=640%2C640&amp;ssl=1 640w, https:\/\/i1.wp.com\/arripio.com.br\/wp-content\/uploads\/2019\/04\/foto06.png?resize=768%2C768&amp;ssl=1 768w, https:\/\/i1.wp.com\/arripio.com.br\/wp-content\/uploads\/2019\/04\/foto06.png?resize=600%2C600&amp;ssl=1 600w, https:\/\/i1.wp.com\/arripio.com.br\/wp-content\/uploads\/2019\/04\/foto06.png?resize=160%2C160&amp;ssl=1 160w, https:\/\/i1.wp.com\/arripio.com.br\/wp-content\/uploads\/2019\/04\/foto06.png?resize=45%2C45&amp;ssl=1 45w\" sizes=\"(max-width: 800px) 100vw, 800px\" data-recalc-dims=\"1\" \/><\/figure>\n\n\n\n<p><br>Passada a noite levantei cedo e comecei a procurar nossos pertences gracas a Deus consegui recuperar tudo apesar de tudo est\u00e1 bem molhado. E considero que isso o primeiro ciclo do PDCA e ent\u00e3o foi hora de aprender com os erros.<br>1- Montamos a barraca no meio da correnteza.<br>2- Lona no teto foi muito pequena o ideal seria ter coberto em um formato de triangulo.<br>3 &#8211; A lona abaixo poderia de evitado os estragos se ela fosse um pouco maior daria levantar as laterais e teria evitado de entrar a \u00e1gua.<br>4 quantidade de roupas foi algo sem no\u00e7\u00e3o o que nos deu muito trabalho molhou praticamente tudo. para evitar esse problema seria menos roupa e deixar uma parte no carros assim como fizemos com os mantimentos.<br>Passado a tempestade hora de se recompor, mudamos a posi\u00e7\u00e3o da barraca refor\u00e7amos os pontos de falhas na cobertura. Felizmente n\u00e3o houve mais temporal o que tornou nossa viagem muito divertida, tentamos ir todos a uma ilha da cutia remando mas, por conta de seguran\u00e7a eu e minha filhota mais nova ficamos e n\u00e3o conhecemos a ilha.<\/p>\n\n\n\n<figure class=\"wp-block-image\"><img data-attachment-id=\"618\" data-permalink=\"https:\/\/arripio.com.br\/?attachment_id=618\" data-orig-file=\"https:\/\/i2.wp.com\/arripio.com.br\/wp-content\/uploads\/2019\/04\/foto03.png?fit=1024%2C1024&amp;ssl=1\" data-orig-size=\"1024,1024\" data-comments-opened=\"1\" data-image-meta=\"{&quot;aperture&quot;:&quot;0&quot;,&quot;credit&quot;:&quot;&quot;,&quot;camera&quot;:&quot;&quot;,&quot;caption&quot;:&quot;&quot;,&quot;created_timestamp&quot;:&quot;0&quot;,&quot;copyright&quot;:&quot;&quot;,&quot;focal_length&quot;:&quot;0&quot;,&quot;iso&quot;:&quot;0&quot;,&quot;shutter_speed&quot;:&quot;0&quot;,&quot;title&quot;:&quot;&quot;,&quot;orientation&quot;:&quot;0&quot;}\" data-image-title=\"foto03\" data-image-description=\"\" data-medium-file=\"https:\/\/i2.wp.com\/arripio.com.br\/wp-content\/uploads\/2019\/04\/foto03.png?fit=640%2C640&amp;ssl=1\" data-large-file=\"https:\/\/i2.wp.com\/arripio.com.br\/wp-content\/uploads\/2019\/04\/foto03.png?fit=840%2C840&amp;ssl=1\" loading=\"lazy\" width=\"840\" height=\"840\" src=\"https:\/\/i2.wp.com\/arripio.com.br\/wp-content\/uploads\/2019\/04\/foto03.png?resize=840%2C840&#038;ssl=1\" alt=\"\" class=\"wp-image-618\" srcset=\"https:\/\/i2.wp.com\/arripio.com.br\/wp-content\/uploads\/2019\/04\/foto03.png?w=1024&amp;ssl=1 1024w, https:\/\/i2.wp.com\/arripio.com.br\/wp-content\/uploads\/2019\/04\/foto03.png?resize=150%2C150&amp;ssl=1 150w, https:\/\/i2.wp.com\/arripio.com.br\/wp-content\/uploads\/2019\/04\/foto03.png?resize=640%2C640&amp;ssl=1 640w, https:\/\/i2.wp.com\/arripio.com.br\/wp-content\/uploads\/2019\/04\/foto03.png?resize=768%2C768&amp;ssl=1 768w, https:\/\/i2.wp.com\/arripio.com.br\/wp-content\/uploads\/2019\/04\/foto03.png?resize=600%2C600&amp;ssl=1 600w, https:\/\/i2.wp.com\/arripio.com.br\/wp-content\/uploads\/2019\/04\/foto03.png?resize=160%2C160&amp;ssl=1 160w, https:\/\/i2.wp.com\/arripio.com.br\/wp-content\/uploads\/2019\/04\/foto03.png?resize=45%2C45&amp;ssl=1 45w\" sizes=\"(max-width: 840px) 100vw, 840px\" data-recalc-dims=\"1\" \/><\/figure>\n\n\n\n<p><br>No outro dia tivemos a triste noticia que nossa anfitri\u00e3 Poly teria que retornar para Bras\u00edlia mais ainda dava tempo para aproveitar um passeio no aqu\u00e1rio de Ubatuba, conhecemos e o que mais me impressionou al\u00e9m da biodiversidade e o quanto n\u00f3s ser humanos conseguimos produzir tanto lixo e despejar na natureza \u00e9 algo impressionante. Fim do passeio e nossa colega segue destino para Brasilia. Aqui mais uma vez eu agrade\u00e7o a disposi\u00e7\u00e3o do Guilherme q foi em S\u00e3o Paulo e voltou.<\/p>\n\n\n\n<figure class=\"wp-block-image\"><img data-attachment-id=\"620\" data-permalink=\"https:\/\/arripio.com.br\/?attachment_id=620\" data-orig-file=\"https:\/\/i1.wp.com\/arripio.com.br\/wp-content\/uploads\/2019\/04\/foto05.png?fit=500%2C500&amp;ssl=1\" data-orig-size=\"500,500\" data-comments-opened=\"1\" data-image-meta=\"{&quot;aperture&quot;:&quot;0&quot;,&quot;credit&quot;:&quot;&quot;,&quot;camera&quot;:&quot;&quot;,&quot;caption&quot;:&quot;&quot;,&quot;created_timestamp&quot;:&quot;0&quot;,&quot;copyright&quot;:&quot;&quot;,&quot;focal_length&quot;:&quot;0&quot;,&quot;iso&quot;:&quot;0&quot;,&quot;shutter_speed&quot;:&quot;0&quot;,&quot;title&quot;:&quot;&quot;,&quot;orientation&quot;:&quot;0&quot;}\" data-image-title=\"foto05\" data-image-description=\"\" data-medium-file=\"https:\/\/i1.wp.com\/arripio.com.br\/wp-content\/uploads\/2019\/04\/foto05.png?fit=500%2C500&amp;ssl=1\" data-large-file=\"https:\/\/i1.wp.com\/arripio.com.br\/wp-content\/uploads\/2019\/04\/foto05.png?fit=500%2C500&amp;ssl=1\" loading=\"lazy\" width=\"500\" height=\"500\" src=\"https:\/\/i1.wp.com\/arripio.com.br\/wp-content\/uploads\/2019\/04\/foto05.png?resize=500%2C500&#038;ssl=1\" alt=\"\" class=\"wp-image-620\" srcset=\"https:\/\/i1.wp.com\/arripio.com.br\/wp-content\/uploads\/2019\/04\/foto05.png?w=500&amp;ssl=1 500w, https:\/\/i1.wp.com\/arripio.com.br\/wp-content\/uploads\/2019\/04\/foto05.png?resize=150%2C150&amp;ssl=1 150w, https:\/\/i1.wp.com\/arripio.com.br\/wp-content\/uploads\/2019\/04\/foto05.png?resize=160%2C160&amp;ssl=1 160w, https:\/\/i1.wp.com\/arripio.com.br\/wp-content\/uploads\/2019\/04\/foto05.png?resize=45%2C45&amp;ssl=1 45w\" sizes=\"(max-width: 500px) 100vw, 500px\" data-recalc-dims=\"1\" \/><\/figure>\n\n\n\n<p><br>Dia seguinte meu amigo Guilherme me colocou em uma roubada ilha saco da velha 7km de remada eu fiquei quebrado mais por conta da posi\u00e7\u00e3o de remada do que a dist\u00e2ncia mas, valeu a experi\u00eancia e as curiosidades. Chegando l\u00e1 na ilha um Sr nos recebe e meu amigo Guilerme conta a hist\u00f3ria do barco constru\u00eddo na garagem dele o Sr dar um super apoio faz algumas recomenda\u00e7\u00f5es depois de uma boa conversa de como foi constru\u00eddo o barco ela aponta para um veleiros atracado e fala ta vendo aquele veleiro ao fundo respondemos sim ent\u00e3o, ele completa foi eu que fiz ficamos de queixos ca\u00eddos com a descri\u00e7\u00e3o de como tinha sido constru\u00eddo e o tamanho do conforto que ali tinha 2 quartos, banheiro com \u00e1gua quente, sala, cozinha com forno e para completar uma \u00f3tima cozinheira sua esposa muito simp\u00e1tica que achava que o veleiro afundaria de tanto parafuso que ele usou na constru\u00e7\u00e3o.<br>Seguindo as orienta\u00e7\u00f5es do marinheiro experiente resolvemos voltar antes do anoitecer por falta de uma lanterna.<br>Sem a Polyana foi chato pois ela fez falta com sua alegria.<br>N\u00e3o temos nem palavras para agradecer tamanha aten\u00e7\u00e3o dos nossos anfitri\u00f5es, Ele foi a S\u00e3o Paulo e voltou para continuar nos guiando e apesar disso ainda t\u00ednhamos mais alguns dias de f\u00e9rias. <br>Mais um dia a resolvemos pegar um barco para conhecer outras praias chegamos no pier e come\u00e7ou a negocia\u00e7\u00e3o e felizmente conseguimos uma lancha com um Sr muito tranquilo e simp\u00e1tico que nos levou em 7 praias cada uma mais linda do que a outra dif\u00edcil encontrar adjetivos para expressar tamanha beleza que tem naqueles lugares que passamos uma experiencia fant\u00e1stica de ficar guardado na hist\u00f3ria. Cada parada alguns mergulhos e fotos para ficar registrado. <br>Assim nossas f\u00e9ria ia se desenhando ap\u00f3s essa experiencia incr\u00edvel \u00e9 hora de voltar.<\/p>\n\n\n\n<figure class=\"wp-block-image\"><img data-attachment-id=\"619\" data-permalink=\"https:\/\/arripio.com.br\/?attachment_id=619\" data-orig-file=\"https:\/\/i1.wp.com\/arripio.com.br\/wp-content\/uploads\/2019\/04\/foto04.png?fit=800%2C800&amp;ssl=1\" data-orig-size=\"800,800\" data-comments-opened=\"1\" data-image-meta=\"{&quot;aperture&quot;:&quot;0&quot;,&quot;credit&quot;:&quot;&quot;,&quot;camera&quot;:&quot;&quot;,&quot;caption&quot;:&quot;&quot;,&quot;created_timestamp&quot;:&quot;0&quot;,&quot;copyright&quot;:&quot;&quot;,&quot;focal_length&quot;:&quot;0&quot;,&quot;iso&quot;:&quot;0&quot;,&quot;shutter_speed&quot;:&quot;0&quot;,&quot;title&quot;:&quot;&quot;,&quot;orientation&quot;:&quot;0&quot;}\" data-image-title=\"foto04\" data-image-description=\"\" data-medium-file=\"https:\/\/i1.wp.com\/arripio.com.br\/wp-content\/uploads\/2019\/04\/foto04.png?fit=640%2C640&amp;ssl=1\" data-large-file=\"https:\/\/i1.wp.com\/arripio.com.br\/wp-content\/uploads\/2019\/04\/foto04.png?fit=800%2C800&amp;ssl=1\" loading=\"lazy\" width=\"800\" height=\"800\" src=\"https:\/\/i1.wp.com\/arripio.com.br\/wp-content\/uploads\/2019\/04\/foto04.png?resize=800%2C800&#038;ssl=1\" alt=\"\" class=\"wp-image-619\" srcset=\"https:\/\/i1.wp.com\/arripio.com.br\/wp-content\/uploads\/2019\/04\/foto04.png?w=800&amp;ssl=1 800w, https:\/\/i1.wp.com\/arripio.com.br\/wp-content\/uploads\/2019\/04\/foto04.png?resize=150%2C150&amp;ssl=1 150w, https:\/\/i1.wp.com\/arripio.com.br\/wp-content\/uploads\/2019\/04\/foto04.png?resize=640%2C640&amp;ssl=1 640w, https:\/\/i1.wp.com\/arripio.com.br\/wp-content\/uploads\/2019\/04\/foto04.png?resize=768%2C768&amp;ssl=1 768w, https:\/\/i1.wp.com\/arripio.com.br\/wp-content\/uploads\/2019\/04\/foto04.png?resize=600%2C600&amp;ssl=1 600w, https:\/\/i1.wp.com\/arripio.com.br\/wp-content\/uploads\/2019\/04\/foto04.png?resize=160%2C160&amp;ssl=1 160w, https:\/\/i1.wp.com\/arripio.com.br\/wp-content\/uploads\/2019\/04\/foto04.png?resize=45%2C45&amp;ssl=1 45w\" sizes=\"(max-width: 800px) 100vw, 800px\" data-recalc-dims=\"1\" \/><\/figure>\n\n\n\n<p><br>Seguimos por outra serra rumo ao Santu\u00e1rio Nossa Senhora Aparecida que lugar fara\u00f4nico um lugar com uma energia sem explica\u00e7\u00e3o, hora de agradecer por tudo que tem de bom acontecido em nossas vidas.<br>Depois seguimos para Itajubar MG e la ficamos em uma casa na ch\u00e1cara do tio do Guilherme gente pense num lugar fant\u00e1stico muito bem pensado e planejado. Ao anoitecer a fam\u00edlia chega e come\u00e7a a fazer aquele banquete meu Sr tudo nota 10. Apesar do planejamento de voltar r\u00e1pido ainda ficamos mais um dia que lugar incr\u00edvel, parab\u00e9ns a fam\u00edlia do Guilherme todos muitos simp\u00e1ticos e receptivos s\u00f3 gratid\u00e3o.<br>Chegava hora de retornar para Brasilia, como de costume levantamos acampamento e voltamos para nosso l\u00e1. Dessa fez acertamos o percurso e voltamos por MG mas gostamos mais da estrada de SP em fim chegamos em casa gra\u00e7as a Deus tudo em paz. <br>Que f\u00e9rias legais muito bom mesmo.<\/p>\n","protected":false},"excerpt":{"rendered":"<p>Depois de v\u00e1rios convites para experimentar o Camping resolvemos aceitar o desafio de forma mais radical e para primeira vez resolvemos ir longe destino Paraty Mirim Rio de Janeiro. Acostumados a viajar para o nordeste brasileiro e sempre com a&hellip; <br \/><a class=\"read-more-button\" href=\"https:\/\/arripio.com.br\/?page_id=614\">Read more<\/a><\/p>\n","protected":false},"author":1,"featured_media":0,"parent":0,"menu_order":0,"comment_status":"closed","ping_status":"closed","template":"","meta":{"_exactmetrics_skip_tracking":false,"_exactmetrics_sitenote_active":false,"_exactmetrics_sitenote_note":"","_exactmetrics_sitenote_category":0,"spay_email":""},"jetpack_sharing_enabled":true,"jetpack_shortlink":"https:\/\/wp.me\/PazGcY-9U","jetpack-related-posts":[{"id":699,"url":"https:\/\/arripio.com.br\/?page_id=699","url_meta":{"origin":614,"position":0},"title":"F\u00e9rias Guaibim-BA Jan\/2020","date":"19 Mar\u00e7o, 2021","format":false,"excerpt":"N\u00e3o \u00e9 novidade que sou admirador da Bahia e um dos lugares que eu mais visitei sem d\u00favida foi Guabim, depois de alguns anos resolvemos voltar a Guabim, lugar sem muita badala\u00e7\u00e3o ideal para quem procura tranquilidade e sossego. Dessa vez escolhemos pelo Airbnb a estrutura do local relativamente boa\u2026","rel":"","context":"Similar post","img":{"alt_text":"","src":"https:\/\/i0.wp.com\/arripio.com.br\/wp-content\/uploads\/2021\/03\/20200107_134232-scaled.jpg?resize=350%2C200&ssl=1","width":350,"height":200},"classes":[]},{"id":119,"url":"https:\/\/arripio.com.br\/?page_id=119","url_meta":{"origin":614,"position":1},"title":"Estudo","date":"27 Julho, 2014","format":false,"excerpt":"Ol\u00e1 Pessoal Agora dia 24 de Julho consegui \u00eaxito no exame Lpic-202 ultima prova para certifica\u00e7\u00e3o LPI2. Gostaria de deixar algumas dicas que quem sabe possa ajudar outras pessoas: Quando fiz o exame da lpi 1 havia estudado \u00a0apenas pelo livro Certifica\u00e7\u00e3o LPI-1: 101-102 Autor: Luciano Antonio Siqueira Editora: Alta\u2026","rel":"","context":"Similar post","img":{"alt_text":"cetificado","src":"https:\/\/i2.wp.com\/arripio.com.br\/wp-content\/uploads\/2014\/07\/cetificado-300x169.png?resize=350%2C200","width":350,"height":200},"classes":[]},{"id":566,"url":"https:\/\/arripio.com.br\/?page_id=566","url_meta":{"origin":614,"position":2},"title":"F\u00e9rias Itaipu de Fora Jan\/2018","date":"7 Janeiro, 2018","format":false,"excerpt":"Hoje 07 de janeiro de 2018 come\u00e7a nossa viagem de f\u00e9rias e aqui postaremos todo trajeto, a ideia \u00e9 ajudar quem tiver interesse em fazer o mesmo passeio. Bem vindos Dia 08 de janeiro 2018 chegamos ao nosso destino Itaipu de Fora. Sa\u00edmos de Itabuna via Ilh\u00e9us depois seguimos rumo\u2026","rel":"","context":"Similar post","img":{"alt_text":"pixlr_20180107183241893","src":"https:\/\/i1.wp.com\/arripio.com.br\/wp-content\/uploads\/2018\/01\/pixlr_20180107183241893.jpg?resize=350%2C200","width":350,"height":200},"classes":[]},{"id":100,"url":"https:\/\/arripio.com.br\/?page_id=100","url_meta":{"origin":614,"position":3},"title":"Linux","date":"29 Junho, 2014","format":false,"excerpt":"Como boa pratica na ger\u00eancia de configura\u00e7\u00e3o para uma r\u00e1pida \u00a0leitura dos arquivos de configura\u00e7\u00e3o e \u00fatil retirar os coment\u00e1rios para facilitar a analise e organiza\u00e7\u00e3o. Comando: # egrep -v \"^#|^$\"\u00a0arquivo_de_origem\u00a0> arquivo_de_destino Minha Distribui\u00e7\u00e3o Atualmente nas minhas maquinas pessoais eu uso Debian, nos servidores estava utilizado Centos, mas com os\u2026","rel":"","context":"Similar post","img":{"alt_text":"","src":"https:\/\/i2.wp.com\/arripio.com.br\/wp-content\/uploads\/2021\/03\/Openlogo-debianV2.svg_.png?resize=350%2C200&ssl=1","width":350,"height":200},"classes":[]},{"id":108,"url":"https:\/\/arripio.com.br\/?page_id=108","url_meta":{"origin":614,"position":4},"title":"Coaching","date":"17 Julho, 2014","format":false,"excerpt":"Planejamento \u00e9 fundamental para o seu sucesso Tente fazer o seu https:\/\/youtu.be\/wEOQ8eIGX7Y N\u00e3o deixe para o final do ano, \u00a0fa\u00e7a agora mesmo o seu planejamento anual ele ajudar\u00e1 \u00a0no direcionamento da sua vida pessoal ou profissional. Fonte:\u00a0https:\/\/www.youtube.com\/watch?v=wEOQ8eIGX7Y&list=FLLZrFnwpUDQbHqI8OfXGT5w&index=2 \u00a0 Frase do dia: Pior do que fazer pouco \u00e9 n\u00e3o fazer nada.\u2026","rel":"","context":"Similar post","img":{"alt_text":"","src":"https:\/\/i0.wp.com\/img.youtube.com\/vi\/wEOQ8eIGX7Y\/0.jpg?resize=350%2C200","width":350,"height":200},"classes":[]},{"id":168,"url":"https:\/\/arripio.com.br\/?page_id=168","url_meta":{"origin":614,"position":5},"title":"Curr\u00edculo","date":"12 Maio, 2015","format":false,"excerpt":"EXPERI\u00caNCIA PROFISSIONAL 11\/07\/2011 at\u00e9 dias atuais - Central IT Governa\u00e7a Corporativa - Bras\u00edlia Cliente: ICMBio - Intituto Chico Mendes de Conserva\u00e7\u00e3o da Biodiversidade Analista de Suporte Sr Atribui\u00e7\u00f5es: - Instala\u00e7\u00e3o e configura\u00e7\u00e3o de Servidores f\u00edsicos e virtuais Linux e Windows; - Cria\u00e7\u00e3o do processo de atualiza\u00e7\u00e3o baseado no SVN; -\u2026","rel":"","context":"Similar post","img":{"alt_text":"","src":"","width":0,"height":0},"classes":[]}],"_links":{"self":[{"href":"https:\/\/arripio.com.br\/index.php?rest_route=\/wp\/v2\/pages\/614"}],"collection":[{"href":"https:\/\/arripio.com.br\/index.php?rest_route=\/wp\/v2\/pages"}],"about":[{"href":"https:\/\/arripio.com.br\/index.php?rest_route=\/wp\/v2\/types\/page"}],"author":[{"embeddable":true,"href":"https:\/\/arripio.com.br\/index.php?rest_route=\/wp\/v2\/users\/1"}],"replies":[{"embeddable":true,"href":"https:\/\/arripio.com.br\/index.php?rest_route=%2Fwp%2Fv2%2Fcomments&post=614"}],"version-history":[{"count":4,"href":"https:\/\/arripio.com.br\/index.php?rest_route=\/wp\/v2\/pages\/614\/revisions"}],"predecessor-version":[{"id":665,"href":"https:\/\/arripio.com.br\/index.php?rest_route=\/wp\/v2\/pages\/614\/revisions\/665"}],"wp:attachment":[{"href":"https:\/\/arripio.com.br\/index.php?rest_route=%2Fwp%2Fv2%2Fmedia&parent=614"}],"curies":[{"name":"wp","href":"https:\/\/api.w.org\/{rel}","templated":true}]}}